{"id":159,"date":"2020-12-15T11:57:56","date_gmt":"2020-12-15T11:57:56","guid":{"rendered":"https:\/\/aksehir.web.tr\/?page_id=159"},"modified":"2021-03-02T20:12:27","modified_gmt":"2021-03-02T20:12:27","slug":"yoruk-turkmen-senlikleri","status":"publish","type":"page","link":"https:\/\/aksehir.web.tr\/?page_id=159","title":{"rendered":""},"content":{"rendered":"<p style=\"text-align: center;\"><span style=\"font-family: verdana, geneva, sans-serif; font-size: 14pt; color: #808080;\">Y\u00d6R\u00dcK T\u00dcRKMEN K\u00dcLT\u00dcR \u015e\u00d6LEN\u0130<\/span><\/p>\n<p><span style=\"font-family: verdana, geneva, sans-serif; font-size: 12pt; color: #808080;\">Ad\u0131 AK-Y\u00d6R-DER olan Ak\u015fehir ve Y\u00f6resi Y\u00f6r\u00fckleri Yard\u0131mla\u015fma ve Dayan\u0131\u015fma K\u00fclt\u00fcr Derne\u011fi taraf\u0131ndan d\u00fczenlenen Y\u00f6r\u00fck-T\u00fcrkmen K\u00fclt\u00fcr \u015e\u00f6leni geleneksel deve kervan\u0131 y\u00fcr\u00fcy\u00fc\u015f\u00fc ile ba\u015flar. Ak\u015fehir Kaymakam\u0131 , Ak\u015fehir Belediye Ba\u015fkan\u0131 ve vatanda\u015flar\u0131n kat\u0131l\u0131m\u0131 ile y\u00fcr\u00fcy\u00fc\u015f renkli g\u00f6r\u00fcnt\u00fclere sahne olur. Haziran ay\u0131n\u0131n ikinci haftas\u0131nda yap\u0131lan Y\u00f6r\u00fck-T\u00fcrkmen \u015f\u00f6lenleri, Cankurtaran K\u00f6y\u00fc Deveboynu yaylas\u0131nda \u00e7e\u015fitli etkinliklerle \u00fc\u00e7 g\u00fcn devam eder. Etkinliklere devlet erkan\u0131 ve siyasilerde kat\u0131l\u0131r, Sanatc\u0131lar\u0131n , tiyatro guruplar\u0131n\u0131n ve halk oyunu ekiplerinin de konser ve g\u00f6sterileri ile \u00fc\u00e7 g\u00fcn \u015f\u00f6len yap\u0131l\u0131r. Y\u00f6r\u00fck \u00e7ad\u0131rlar\u0131nda misafirlere yiyecek ve i\u00e7ecek ikram edilir.<\/span><\/p>\n<p><span style=\"font-family: verdana, geneva, sans-serif; font-size: 10pt; color: #808080;\"><img loading=\"lazy\" decoding=\"async\" class=\"aligncenter wp-image-1164 size-full\" src=\"https:\/\/aksehir.web.tr\/wp-content\/uploads\/2020\/12\/ytt13.jpg\" alt=\"\" width=\"541\" height=\"200\" srcset=\"https:\/\/aksehir.web.tr\/wp-content\/uploads\/2020\/12\/ytt13.jpg 541w, https:\/\/aksehir.web.tr\/wp-content\/uploads\/2020\/12\/ytt13-300x111.jpg 300w\" sizes=\"auto, (max-width: 541px) 100vw, 541px\" \/><\/span><\/p>\n<p><span style=\"font-family: verdana, geneva, sans-serif; font-size: 12pt; color: #808080;\">AK-Y\u00d6R-DER Y\u00d6R\u00dcK-T\u00dcRKMEN K\u00dcLT\u00dcR \u015e\u00d6LEN\u0130 &#8211; BASINDAN ALINTILAR<\/span><\/p>\n<p><span style=\"font-family: verdana, geneva, sans-serif; font-size: 12pt; color: #808080;\">Ak\u015fehir ve Y\u00f6resi Y\u00f6r\u00fckleri Yard\u0131mla\u015fma Dayan\u0131\u015fma K\u00fclt\u00fcr Derne\u011fi (AKY\u00d6RDER) taraf\u0131ndan Ak\u015fehir Belediyesinin katk\u0131s\u0131yla Cankurtaran Mahallesi Deve Boynu Yaylas\u0131nda d\u00fczenlenen Y\u00f6r\u00fck T\u00fcrkmen K\u00fclt\u00fcr \u015e\u00f6leni, Konya Milletvekilleri, Ak\u015fehir Kaymakam\u0131, Ak\u015fehir Belediye Ba\u015fkan\u0131 , Siyasi Parti \u0130l\u00e7e Ba\u015fkanlar\u0131 ve Y\u00f6netim Kurulu \u00dcyeleri ile birlikte \u00e7ok say\u0131da Y\u00f6r\u00fck T\u00fcrkmen vatanda\u015f\u0131m\u0131z\u0131n kat\u0131l\u0131m\u0131yla her sene kutlanan \u015f\u00f6len renkli g\u00f6r\u00fcnt\u00fclere sahne olur.<\/span><br \/>\n<span style=\"font-family: verdana, geneva, sans-serif; font-size: 12pt; color: #808080;\">Programda Kur\u2019an\u2019\u0131 Kerim Tilavetinin okunmas\u0131n\u0131n ard\u0131ndan Ak\u015fehir Belediyesi Mehter Tak\u0131m\u0131 taraf\u0131ndan bir g\u00f6steri sunulup, \u015f\u00f6lenin a\u00e7\u0131l\u0131\u015f konu\u015fmas\u0131n\u0131 AKY\u00d6RDER in de\u011fi\u015fmeyen ba\u015fkan\u0131 Mehmet Ya\u015far \u00d6rs, yapar.<\/span><\/p>\n<p><span style=\"font-family: verdana, geneva, sans-serif; font-size: 12pt; color: #808080;\">&#8220;AKY\u00d6RDER y\u00f6netimi olarak her y\u0131l geleneksel olarak d\u00fczenledi\u011fimiz Y\u00f6r\u00fck T\u00fcrkmen K\u00fclt\u00fcr \u015e\u00f6leni, y\u00f6resel k\u00fclt\u00fcr\u00fcm\u00fcz\u00fc, geleneklerimizi hat\u0131rlamam\u0131za her zaman vesile olmu\u015ftur. Y\u00f6r\u00fck ve T\u00fcrkmen ad\u0131 alt\u0131nda d\u00fczenlemi\u015f oldu\u011fumuz \u015f\u00f6lenlerimizde her zaman ulusal anlamda isim yapm\u0131\u015f sanat\u00e7\u0131 ve g\u00f6steri gruplar\u0131na yer vererek bir nebze olsun vatanda\u015flar\u0131m\u0131z\u0131n e\u011flenmesine vesile olduk.&#8221;<\/span><br \/>\n<span style=\"font-family: verdana, geneva, sans-serif; font-size: 12pt; color: #808080;\">&#8221; 22 y\u0131ld\u0131r de\u011fi\u015fmeden gayretle \u00e7aba ile k\u00fclt\u00fcr bayra\u011f\u0131n\u0131 \u00e7ekmeye devam ediyoruz. 22. Ak\u015fehir Y\u00f6r\u00fck T\u00fcrkmen K\u00fclt\u00fcr \u015e\u00f6leni bu y\u0131l 10-11-12 A\u011fustos 2018 tarihleri aras\u0131nda ger\u00e7ekle\u015ftirilecektir.Y\u00f6r\u00fck T\u00fcrkmen K\u00fclt\u00fcr \u015e\u00f6leni\u2019ne b\u00f6lgemizde ya\u015fayan t\u00fcm halk\u0131m\u0131z\u0131 davet ediyorum\u201d.<\/span><br \/>\n<span style=\"font-family: verdana, geneva, sans-serif; font-size: 12pt; color: #808080;\">Ba\u015fkan \u00d6rs; &#8220;Cankurtaran Mahallesi\u2019nde Cuma Namaz\u0131n\u0131 m\u00fcteakiben Mevlit okutulacak. Deveboynu Yaylas\u0131\u2019nda \u00e7ad\u0131rlar\u0131n kurulmas\u0131 faaliyeti ger\u00e7ekle\u015ftirilecek.<\/span><br \/>\n<span style=\"font-family: verdana, geneva, sans-serif; font-size: 12pt; color: #808080;\">Cumartesi g\u00fcn\u00fc, Cankurtaran Mahallesi Deveboynu Yaylas\u0131\u2019nda ak\u015fam \u00e7ad\u0131r sohbetleri, ve az\u0131k kar\u0131\u015ft\u0131rma, ard\u0131ndan M\u00fczik e\u011flence program\u0131 d\u00fczenlenecek.<\/span><br \/>\n<span style=\"font-family: verdana, geneva, sans-serif; font-size: 12pt; color: #808080;\">Pazar g\u00fcn\u00fc; sabah a\u00e7\u0131l\u0131\u015f yap\u0131lacak, Sayg\u0131 Duru\u015funda bulunma ve \u0130stiklal Mar\u015f\u0131\u2019n\u0131n okunmas\u0131n\u0131n ard\u0131ndan Kuran-\u0131 Kerim tilaveti yap\u0131lacak. Tilavetin ard\u0131ndan ise \u015f\u00f6lene kat\u0131lan protokol\u00fcn konu\u015fmas\u0131 ger\u00e7ekle\u015ftirilecek. Protokol konu\u015fmalar\u0131n\u0131n ard\u0131ndan Mehter Tak\u0131m\u0131 ve Halk Oyunlar\u0131 g\u00f6sterisiyle \u015f\u00f6lenin a\u00e7\u0131l\u0131\u015f\u0131 ger\u00e7ekle\u015ftirilecek. Y\u00f6r\u00fck \u00f6rf ve adetlerinin canland\u0131r\u0131lmas\u0131 \u00e7er\u00e7evesinde ya\u011fl\u0131 g\u00fcre\u015f ve koyunlar\u0131n k\u0131rk\u0131lmas\u0131 yer alacak. Foto\u011fraf sergisinin a\u00e7\u0131l\u0131\u015f\u0131 yap\u0131l\u0131p, ard\u0131ndan T\u00fcrk Halk M\u00fczi\u011fi sanat\u00e7\u0131lar\u0131 sahne alacak. En G\u00fczel Y\u00f6r\u00fck \u00c7ad\u0131r\u0131 se\u00e7imi sonras\u0131 program, piknik, lokma, g\u00f6zleme ve ayran ikram\u0131, \u00f6\u011frencilere kitap da\u011f\u0131t\u0131m\u0131 ile devam edecek. Y\u0131llard\u0131r ilklerin \u00f6nc\u00fcs\u00fc olduk ve olmaya devam ediyoruz. En b\u00fcy\u00fck destek\u00e7ilerimiz ve de\u011ferli kad\u0131nlar\u0131m\u0131z, &#8221;Aky\u00f6rder Kad\u0131n Kollar\u0131&#8221; ve gelece\u011fimizin fidanlar\u0131, k\u00fclt\u00fcr miras\u00e7\u0131lar\u0131m\u0131z gen\u00e7lerimiz &#8221;Aky\u00f6rder Gen\u00e7lik Kollar\u0131&#8221; ile el ele verip k\u00fclt\u00fcr\u00fcm\u00fcz\u00fc ya\u015fatmay\u0131 bir ad\u0131m daha ileri ta\u015f\u0131d\u0131k.&#8221;<\/span><\/p>\n<div id='gallery-1' class='gallery galleryid-159 gallery-columns-4 gallery-size-large'><figure class='gallery-item'>\n\t\t\t<div class='gallery-icon landscape'>\n\t\t\t\t<img loading=\"lazy\" decoding=\"async\" width=\"300\" height=\"200\" src=\"https:\/\/aksehir.web.tr\/wp-content\/uploads\/2020\/12\/yt14.jpg\" class=\"attachment-large size-large\" alt=\"\" \/>\n\t\t\t<\/div><\/figure><figure class='gallery-item'>\n\t\t\t<div class='gallery-icon landscape'>\n\t\t\t\t<img loading=\"lazy\" decoding=\"async\" width=\"300\" height=\"200\" src=\"https:\/\/aksehir.web.tr\/wp-content\/uploads\/2020\/12\/yt15.jpg\" class=\"attachment-large size-large\" alt=\"\" \/>\n\t\t\t<\/div><\/figure><figure class='gallery-item'>\n\t\t\t<div class='gallery-icon landscape'>\n\t\t\t\t<img loading=\"lazy\" decoding=\"async\" width=\"300\" height=\"200\" src=\"https:\/\/aksehir.web.tr\/wp-content\/uploads\/2020\/12\/yt5.jpg\" class=\"attachment-large size-large\" alt=\"\" \/>\n\t\t\t<\/div><\/figure><figure class='gallery-item'>\n\t\t\t<div class='gallery-icon landscape'>\n\t\t\t\t<img loading=\"lazy\" decoding=\"async\" width=\"300\" height=\"200\" src=\"https:\/\/aksehir.web.tr\/wp-content\/uploads\/2020\/12\/yt6.jpg\" class=\"attachment-large size-large\" alt=\"\" \/>\n\t\t\t<\/div><\/figure><figure class='gallery-item'>\n\t\t\t<div class='gallery-icon landscape'>\n\t\t\t\t<img loading=\"lazy\" decoding=\"async\" width=\"300\" height=\"200\" src=\"https:\/\/aksehir.web.tr\/wp-content\/uploads\/2020\/12\/yt7.jpg\" class=\"attachment-large size-large\" alt=\"\" \/>\n\t\t\t<\/div><\/figure><figure class='gallery-item'>\n\t\t\t<div class='gallery-icon landscape'>\n\t\t\t\t<img loading=\"lazy\" decoding=\"async\" width=\"300\" height=\"200\" src=\"https:\/\/aksehir.web.tr\/wp-content\/uploads\/2020\/12\/yt8.jpg\" class=\"attachment-large size-large\" alt=\"\" \/>\n\t\t\t<\/div><\/figure><figure class='gallery-item'>\n\t\t\t<div class='gallery-icon landscape'>\n\t\t\t\t<img loading=\"lazy\" decoding=\"async\" width=\"300\" height=\"200\" src=\"https:\/\/aksehir.web.tr\/wp-content\/uploads\/2020\/12\/yt9.jpg\" class=\"attachment-large size-large\" alt=\"\" \/>\n\t\t\t<\/div><\/figure><figure class='gallery-item'>\n\t\t\t<div class='gallery-icon landscape'>\n\t\t\t\t<img loading=\"lazy\" decoding=\"async\" width=\"300\" height=\"200\" src=\"https:\/\/aksehir.web.tr\/wp-content\/uploads\/2020\/12\/yt12.jpg\" class=\"attachment-large size-large\" alt=\"\" \/>\n\t\t\t<\/div><\/figure><figure class='gallery-item'>\n\t\t\t<div class='gallery-icon portrait'>\n\t\t\t\t<img loading=\"lazy\" decoding=\"async\" width=\"200\" height=\"300\" src=\"https:\/\/aksehir.web.tr\/wp-content\/uploads\/2020\/12\/yt2.jpg\" class=\"attachment-large size-large\" alt=\"\" \/>\n\t\t\t<\/div><\/figure><figure class='gallery-item'>\n\t\t\t<div class='gallery-icon landscape'>\n\t\t\t\t<img loading=\"lazy\" decoding=\"async\" width=\"259\" height=\"200\" src=\"https:\/\/aksehir.web.tr\/wp-content\/uploads\/2020\/12\/yt10.jpg\" class=\"attachment-large size-large\" alt=\"\" \/>\n\t\t\t<\/div><\/figure><figure class='gallery-item'>\n\t\t\t<div class='gallery-icon landscape'>\n\t\t\t\t<img loading=\"lazy\" decoding=\"async\" width=\"259\" height=\"200\" src=\"https:\/\/aksehir.web.tr\/wp-content\/uploads\/2020\/12\/yt4.jpg\" class=\"attachment-large size-large\" alt=\"\" \/>\n\t\t\t<\/div><\/figure><figure class='gallery-item'>\n\t\t\t<div class='gallery-icon portrait'>\n\t\t\t\t<img loading=\"lazy\" decoding=\"async\" width=\"200\" height=\"300\" src=\"https:\/\/aksehir.web.tr\/wp-content\/uploads\/2020\/12\/yt3.jpg\" class=\"attachment-large size-large\" alt=\"\" \/>\n\t\t\t<\/div><\/figure>\n\t\t<\/div>\n\n","protected":false},"excerpt":{"rendered":"<p>Y\u00d6R\u00dcK T\u00dcRKMEN K\u00dcLT\u00dcR \u015e\u00d6LEN\u0130 Ad\u0131 AK-Y\u00d6R-DER olan Ak\u015fehir ve Y\u00f6resi Y\u00f6r\u00fckleri Yard\u0131mla\u015fma ve Dayan\u0131\u015fma K\u00fclt\u00fcr Derne\u011fi taraf\u0131ndan d\u00fczenlenen Y\u00f6r\u00fck-T\u00fcrkmen K\u00fclt\u00fcr<\/p>\n","protected":false},"author":1,"featured_media":0,"parent":0,"menu_order":0,"comment_status":"closed","ping_status":"closed","template":"","meta":{"footnotes":""},"class_list":["post-159","page","type-page","status-publish","hentry"],"yoast_head":"<!-- This site is optimized with the Yoast SEO plugin v27.4 - https:\/\/yoast.com\/product\/yoast-seo-wordpress\/ -->\n<title>- Ak\u015fehir.web.tr<\/title>\n<meta name=\"robots\" content=\"index, follow, max-snippet:-1, max-image-preview:large, max-video-preview:-1\" \/>\n<link rel=\"canonical\" href=\"https:\/\/aksehir.web.tr\/?page_id=159\" \/>\n<meta property=\"og:locale\" content=\"tr_TR\" \/>\n<meta property=\"og:type\" content=\"article\" \/>\n<meta property=\"og:title\" content=\"- Ak\u015fehir.web.tr\" \/>\n<meta property=\"og:description\" content=\"Y\u00d6R\u00dcK T\u00dcRKMEN K\u00dcLT\u00dcR \u015e\u00d6LEN\u0130 Ad\u0131 AK-Y\u00d6R-DER olan Ak\u015fehir ve Y\u00f6resi Y\u00f6r\u00fckleri Yard\u0131mla\u015fma ve Dayan\u0131\u015fma K\u00fclt\u00fcr Derne\u011fi taraf\u0131ndan d\u00fczenlenen Y\u00f6r\u00fck-T\u00fcrkmen K\u00fclt\u00fcr\" \/>\n<meta property=\"og:url\" content=\"https:\/\/aksehir.web.tr\/?page_id=159\" \/>\n<meta property=\"og:site_name\" content=\"Ak\u015fehir.web.tr\" \/>\n<meta property=\"article:modified_time\" content=\"2021-03-02T20:12:27+00:00\" \/>\n<meta property=\"og:image\" content=\"https:\/\/aksehir.web.tr\/wp-content\/uploads\/2020\/12\/yt14.jpg\" \/>\n<meta name=\"twitter:card\" content=\"summary_large_image\" \/>\n<meta name=\"twitter:label1\" content=\"Tahmini okuma s\u00fcresi\" \/>\n\t<meta name=\"twitter:data1\" content=\"2 dakika\" \/>\n<script type=\"application\/ld+json\" class=\"yoast-schema-graph\">{\"@context\":\"https:\\\/\\\/schema.org\",\"@graph\":[{\"@type\":\"WebPage\",\"@id\":\"https:\\\/\\\/aksehir.web.tr\\\/?page_id=159\",\"url\":\"https:\\\/\\\/aksehir.web.tr\\\/?page_id=159\",\"name\":\"- Ak\u015fehir.web.tr\",\"isPartOf\":{\"@id\":\"https:\\\/\\\/aksehir.web.tr\\\/#website\"},\"primaryImageOfPage\":{\"@id\":\"https:\\\/\\\/aksehir.web.tr\\\/?page_id=159#primaryimage\"},\"image\":{\"@id\":\"https:\\\/\\\/aksehir.web.tr\\\/?page_id=159#primaryimage\"},\"thumbnailUrl\":\"https:\\\/\\\/aksehir.web.tr\\\/wp-content\\\/uploads\\\/2020\\\/12\\\/ytt13.jpg\",\"datePublished\":\"2020-12-15T11:57:56+00:00\",\"dateModified\":\"2021-03-02T20:12:27+00:00\",\"inLanguage\":\"tr\",\"potentialAction\":[{\"@type\":\"ReadAction\",\"target\":[\"https:\\\/\\\/aksehir.web.tr\\\/?page_id=159\"]}]},{\"@type\":\"ImageObject\",\"inLanguage\":\"tr\",\"@id\":\"https:\\\/\\\/aksehir.web.tr\\\/?page_id=159#primaryimage\",\"url\":\"https:\\\/\\\/aksehir.web.tr\\\/wp-content\\\/uploads\\\/2020\\\/12\\\/ytt13.jpg\",\"contentUrl\":\"https:\\\/\\\/aksehir.web.tr\\\/wp-content\\\/uploads\\\/2020\\\/12\\\/ytt13.jpg\",\"width\":541,\"height\":200},{\"@type\":\"WebSite\",\"@id\":\"https:\\\/\\\/aksehir.web.tr\\\/#website\",\"url\":\"https:\\\/\\\/aksehir.web.tr\\\/\",\"name\":\"Ak\u015fehir\",\"description\":\"D\u00fcnyan\u0131n Ortas\u0131na Ho\u015fgeldiniz\",\"publisher\":{\"@id\":\"https:\\\/\\\/aksehir.web.tr\\\/#\\\/schema\\\/person\\\/6ab2d6737a97da61e188d3f186a6ffca\"},\"potentialAction\":[{\"@type\":\"SearchAction\",\"target\":{\"@type\":\"EntryPoint\",\"urlTemplate\":\"https:\\\/\\\/aksehir.web.tr\\\/?s={search_term_string}\"},\"query-input\":{\"@type\":\"PropertyValueSpecification\",\"valueRequired\":true,\"valueName\":\"search_term_string\"}}],\"inLanguage\":\"tr\"},{\"@type\":[\"Person\",\"Organization\"],\"@id\":\"https:\\\/\\\/aksehir.web.tr\\\/#\\\/schema\\\/person\\\/6ab2d6737a97da61e188d3f186a6ffca\",\"name\":\"admin\",\"image\":{\"@type\":\"ImageObject\",\"inLanguage\":\"tr\",\"@id\":\"https:\\\/\\\/aksehir.web.tr\\\/wp-content\\\/uploads\\\/2020\\\/12\\\/cropped-cropped-bbbaslik.png\",\"url\":\"https:\\\/\\\/aksehir.web.tr\\\/wp-content\\\/uploads\\\/2020\\\/12\\\/cropped-cropped-bbbaslik.png\",\"contentUrl\":\"https:\\\/\\\/aksehir.web.tr\\\/wp-content\\\/uploads\\\/2020\\\/12\\\/cropped-cropped-bbbaslik.png\",\"width\":960,\"height\":80,\"caption\":\"admin\"},\"logo\":{\"@id\":\"https:\\\/\\\/aksehir.web.tr\\\/wp-content\\\/uploads\\\/2020\\\/12\\\/cropped-cropped-bbbaslik.png\"}}]}<\/script>\n<!-- \/ Yoast SEO plugin. -->","yoast_head_json":{"title":"- Ak\u015fehir.web.tr","robots":{"index":"index","follow":"follow","max-snippet":"max-snippet:-1","max-image-preview":"max-image-preview:large","max-video-preview":"max-video-preview:-1"},"canonical":"https:\/\/aksehir.web.tr\/?page_id=159","og_locale":"tr_TR","og_type":"article","og_title":"- Ak\u015fehir.web.tr","og_description":"Y\u00d6R\u00dcK T\u00dcRKMEN K\u00dcLT\u00dcR \u015e\u00d6LEN\u0130 Ad\u0131 AK-Y\u00d6R-DER olan Ak\u015fehir ve Y\u00f6resi Y\u00f6r\u00fckleri Yard\u0131mla\u015fma ve Dayan\u0131\u015fma K\u00fclt\u00fcr Derne\u011fi taraf\u0131ndan d\u00fczenlenen Y\u00f6r\u00fck-T\u00fcrkmen K\u00fclt\u00fcr","og_url":"https:\/\/aksehir.web.tr\/?page_id=159","og_site_name":"Ak\u015fehir.web.tr","article_modified_time":"2021-03-02T20:12:27+00:00","og_image":[{"url":"https:\/\/aksehir.web.tr\/wp-content\/uploads\/2020\/12\/yt14.jpg","type":"","width":"","height":""}],"twitter_card":"summary_large_image","twitter_misc":{"Tahmini okuma s\u00fcresi":"2 dakika"},"schema":{"@context":"https:\/\/schema.org","@graph":[{"@type":"WebPage","@id":"https:\/\/aksehir.web.tr\/?page_id=159","url":"https:\/\/aksehir.web.tr\/?page_id=159","name":"- Ak\u015fehir.web.tr","isPartOf":{"@id":"https:\/\/aksehir.web.tr\/#website"},"primaryImageOfPage":{"@id":"https:\/\/aksehir.web.tr\/?page_id=159#primaryimage"},"image":{"@id":"https:\/\/aksehir.web.tr\/?page_id=159#primaryimage"},"thumbnailUrl":"https:\/\/aksehir.web.tr\/wp-content\/uploads\/2020\/12\/ytt13.jpg","datePublished":"2020-12-15T11:57:56+00:00","dateModified":"2021-03-02T20:12:27+00:00","inLanguage":"tr","potentialAction":[{"@type":"ReadAction","target":["https:\/\/aksehir.web.tr\/?page_id=159"]}]},{"@type":"ImageObject","inLanguage":"tr","@id":"https:\/\/aksehir.web.tr\/?page_id=159#primaryimage","url":"https:\/\/aksehir.web.tr\/wp-content\/uploads\/2020\/12\/ytt13.jpg","contentUrl":"https:\/\/aksehir.web.tr\/wp-content\/uploads\/2020\/12\/ytt13.jpg","width":541,"height":200},{"@type":"WebSite","@id":"https:\/\/aksehir.web.tr\/#website","url":"https:\/\/aksehir.web.tr\/","name":"Ak\u015fehir","description":"D\u00fcnyan\u0131n Ortas\u0131na Ho\u015fgeldiniz","publisher":{"@id":"https:\/\/aksehir.web.tr\/#\/schema\/person\/6ab2d6737a97da61e188d3f186a6ffca"},"potentialAction":[{"@type":"SearchAction","target":{"@type":"EntryPoint","urlTemplate":"https:\/\/aksehir.web.tr\/?s={search_term_string}"},"query-input":{"@type":"PropertyValueSpecification","valueRequired":true,"valueName":"search_term_string"}}],"inLanguage":"tr"},{"@type":["Person","Organization"],"@id":"https:\/\/aksehir.web.tr\/#\/schema\/person\/6ab2d6737a97da61e188d3f186a6ffca","name":"admin","image":{"@type":"ImageObject","inLanguage":"tr","@id":"https:\/\/aksehir.web.tr\/wp-content\/uploads\/2020\/12\/cropped-cropped-bbbaslik.png","url":"https:\/\/aksehir.web.tr\/wp-content\/uploads\/2020\/12\/cropped-cropped-bbbaslik.png","contentUrl":"https:\/\/aksehir.web.tr\/wp-content\/uploads\/2020\/12\/cropped-cropped-bbbaslik.png","width":960,"height":80,"caption":"admin"},"logo":{"@id":"https:\/\/aksehir.web.tr\/wp-content\/uploads\/2020\/12\/cropped-cropped-bbbaslik.png"}}]}},"_links":{"self":[{"href":"https:\/\/aksehir.web.tr\/index.php?rest_route=\/wp\/v2\/pages\/159","targetHints":{"allow":["GET"]}}],"collection":[{"href":"https:\/\/aksehir.web.tr\/index.php?rest_route=\/wp\/v2\/pages"}],"about":[{"href":"https:\/\/aksehir.web.tr\/index.php?rest_route=\/wp\/v2\/types\/page"}],"author":[{"embeddable":true,"href":"https:\/\/aksehir.web.tr\/index.php?rest_route=\/wp\/v2\/users\/1"}],"replies":[{"embeddable":true,"href":"https:\/\/aksehir.web.tr\/index.php?rest_route=%2Fwp%2Fv2%2Fcomments&post=159"}],"version-history":[{"count":10,"href":"https:\/\/aksehir.web.tr\/index.php?rest_route=\/wp\/v2\/pages\/159\/revisions"}],"predecessor-version":[{"id":2040,"href":"https:\/\/aksehir.web.tr\/index.php?rest_route=\/wp\/v2\/pages\/159\/revisions\/2040"}],"wp:attachment":[{"href":"https:\/\/aksehir.web.tr\/index.php?rest_route=%2Fwp%2Fv2%2Fmedia&parent=159"}],"curies":[{"name":"wp","href":"https:\/\/api.w.org\/{rel}","templated":true}]}}